{"id":29707,"date":"2021-12-23T23:14:54","date_gmt":"2021-12-23T22:14:54","guid":{"rendered":"https:\/\/stephaniecesaire.com\/boutique\/uncategorized\/totem-cuir-de-buffle-graine-noir-anneau-bois\/"},"modified":"2024-04-10T17:10:11","modified_gmt":"2024-04-10T15:10:11","slug":"totem-cuir-de-buffle-graine-noir-anneau-bois","status":"publish","type":"product","link":"https:\/\/www.stephaniecesaire.com\/ja\/boutique\/%e3%83%90%e3%83%83%e3%82%b0\/%e3%83%88%e3%83%bc%e3%83%86%e3%83%a0\/totem-cuir-de-buffle-graine-noir-anneau-bois\/","title":{"rendered":"\u30c8\u30fc\u30c6\u30e0\u30fb\u30d0\u30c3\u30d5\u30a1\u30ed\u30fc\u30fb\u30ec\u30b6\u30fc\u30fb\u9ed2\u30fb\u6728\u88fd\u306e\u5186"},"content":{"rendered":"<p>\u30ea\u30b9\u30c8\u30ec\u30c3\u30c8\u30d0\u30c3\u30b0\u30fb\u30c8\u30fc\u30c6\u30e0\u306f\u3001\u30b7\u30f3\u30d7\u30eb\u306b\u624b\u3067\u6301\u3063\u3066\u3044\u305f\u3060\u304f\u304b\u3001\u30c8\u30fc\u30b4\u306e\u8077\u4eba\u304c\u4e01\u5be7\u306b\u624b\u5f6b\u308a\u3057\u305f\u30d6\u30ec\u30b9\u30ec\u30c3\u30c8\u3092\u624b\u9996\u306b\u639b\u3051\u3066\u304a\u6301\u3061\u3044\u305f\u3060\u3051\u307e\u3059\u3002\u30b9\u30af\u30a8\u30a2\u306a\u5e95\u90e8\u3092\u6301\u3064\u30da\u30fc\u30d1\u30fc\u30d0\u30c3\u30af\u306e\u3088\u3046\u306a\u672c\u4f53\u306f\u3001\u30de\u30b0\u30cd\u30c3\u30c8\u3067\u7c21\u5358\u306b\u958b\u9589\u53ef\u80fd\u3002\u88cf\u5730\u7121\u3057\u3067\u6975\u4e0a\u306e\u7d20\u6750\u611f\u3092\u697d\u3057\u3081\u307e\u3059\u3002\u30d5\u30e9\u30f3\u30b9\u88fd\u3002<\/p>\n","protected":false},"excerpt":{"rendered":"<p>\u6728\u3068\u9769\u3068\u7d44\u307f\u5408\u308f\u305b\u305f\u30df\u30cb\u30de\u30eb\u306a\u30ea\u30b9\u30c8\u30ec\u30c3\u30c8\u30d0\u30c3\u30b0\u00a0\u30fb\u30c8\u30fc\u30c6\u30e0\u306f\u30012\u4eba\u306e\u30c7\u30b6\u30a4\u30ca\u30fc\u306e\u4e16\u754c\u89b3\u306e\u878d\u5408\u306b\u3088\u3063\u3066\u751f\u307e\u308c\u307e\u3057\u305f\u3002<\/p>\n<p>\u30a8\u30b9\u30c6\u30eb\u30fb\u30e8\u30e1\u30c0\u3068\u30b9\u30c6\u30d5\u30a1\u30cb\u30fc\u30fb\u30bb\u30bc\u30fc\u30eb\u306f\u3001\u8077\u4eba\u6280\u3068\u5e0c\u5c11\u6027\u3092\u597d\u3080\u3068\u3044\u3046\u5171\u901a\u70b9\u3092\u6301\u3061\u3001\u53e4\u4ee3\u304b\u3089\u4f1d\u308f\u3063\u3066\u304d\u305f\u30ce\u30a6\u30cf\u30a6\u3068\u305d\u308c\u3092\u53d7\u3051\u7d99\u3050\u4eba\u3005\u306b\u656c\u610f\u3092\u6255\u3044\u306a\u304c\u3089\u73fe\u4ee3\u7684\u306a\u30a2\u30a4\u30c6\u30e0\u3092\u30c7\u30b6\u30a4\u30f3\u3057\u307e\u3059\u3002<\/p>\n<p>\u6975\u4e0a\u306e\u30ec\u30b6\u30fc\u3092\u6b63\u65b9\u5f62\u306e\u5e95\u3092\u6301\u3064\u30da\u30fc\u30d1\u30fc\u30d0\u30c3\u30af\u306e\u3088\u3046\u306b\u30ab\u30c3\u30c8\u3057\u3001\u30a8\u30b9\u30c6\u30eb\u30fb\u30e8\u30e1\u30c0\u304c\u624b\u639b\u3051\u308b\u6728\u5f6b\u308a\u306e\u30d6\u30ec\u30b9\u30ec\u30c3\u30c8\u30fb\u30c8\u30fc\u30c6\u30e0\u3092\u30a2\u30af\u30bb\u30f3\u30c8\u306b\u65bd\u3057\u307e\u3057\u305f\u3002<\/p>\n<p>\u5fc5\u8981\u6700\u4f4e\u9650\u306e\u7e2b\u3044\u76ee\u3060\u3051\u3092\u6b8b\u3059\u3053\u3068\u3067\u3001\u30c8\u30fc\u30b4\u3068\u30d5\u30e9\u30f3\u30b9\u304c<\/p>\n","protected":false},"featured_media":22370,"template":"","meta":[],"product_cat":[667],"product_tag":[1525],"class_list":{"0":"post-29707","1":"product","2":"type-product","3":"status-publish","4":"has-post-thumbnail","6":"product_cat-667","7":"product_tag-backorder-ja","8":"product_shipping_class-classe-de-livraison-1","9":"pa_porte-329","10":"pa_volume-337","12":"first","13":"onbackorder","14":"sold-individually","15":"taxable","16":"shipping-taxable","17":"purchasable","18":"product-type-simple"},"yoast_head":"<!-- This site is optimized with the Yoast SEO plugin v23.1 - https:\/\/yoast.com\/wordpress\/plugins\/seo\/ -->\n<title>Sac Totem - cuir de buffle - C\u00e9saire - Sac cr\u00e9ateur fabriqu\u00e9 en France<\/title>\n<meta name=\"description\" content=\"La poche Bracelet TOTEM se porte \u00e0 la main ou au poignet gr\u00e2ce \u00e0 son bracelet de bois sculpt\u00e9. Taill\u00e9e dans des cuirs singuliers telle une poche de papier au fond carr\u00e9. Seules les coutures essentielles ont \u00e9t\u00e9 pr\u00e9serv\u00e9es pour laisser la part belle aux mati\u00e8res travaill\u00e9es de mani\u00e8res artisanales en France.\" \/>\n<meta name=\"robots\" content=\"index, follow, max-snippet:-1, max-image-preview:large, max-video-preview:-1\" \/>\n<link rel=\"canonical\" href=\"https:\/\/www.stephaniecesaire.com\/ja\/boutique\/%e3%83%90%e3%83%83%e3%82%b0\/%e3%83%88%e3%83%bc%e3%83%86%e3%83%a0\/totem-cuir-de-buffle-graine-noir-anneau-bois\/\" \/>\n<meta property=\"og:locale\" content=\"ja_JP\" \/>\n<meta property=\"og:type\" content=\"article\" \/>\n<meta property=\"og:title\" content=\"Sac Totem - cuir de buffle - C\u00e9saire - Sac cr\u00e9ateur fabriqu\u00e9 en France\" \/>\n<meta property=\"og:description\" content=\"La poche Bracelet TOTEM se porte \u00e0 la main ou au poignet gr\u00e2ce \u00e0 son bracelet de bois sculpt\u00e9. Taill\u00e9e dans des cuirs singuliers telle une poche de papier au fond carr\u00e9. Seules les coutures essentielles ont \u00e9t\u00e9 pr\u00e9serv\u00e9es pour laisser la part belle aux mati\u00e8res travaill\u00e9es de mani\u00e8res artisanales en France.\" \/>\n<meta property=\"og:url\" content=\"https:\/\/www.stephaniecesaire.com\/ja\/boutique\/%e3%83%90%e3%83%83%e3%82%b0\/%e3%83%88%e3%83%bc%e3%83%86%e3%83%a0\/totem-cuir-de-buffle-graine-noir-anneau-bois\/\" \/>\n<meta property=\"og:site_name\" content=\"C\u00e9saire\" \/>\n<meta property=\"article:publisher\" content=\"https:\/\/www.facebook.com\/cesaireparis\/\" \/>\n<meta property=\"article:modified_time\" content=\"2024-04-10T15:10:11+00:00\" \/>\n<meta property=\"og:image\" content=\"https:\/\/www.stephaniecesaire.com\/wp-content\/uploads\/2023\/09\/TotemBUFNoirAnneauSombreProfil-jpg.webp\" \/>\n\t<meta property=\"og:image:width\" content=\"630\" \/>\n\t<meta property=\"og:image:height\" content=\"945\" \/>\n\t<meta property=\"og:image:type\" content=\"image\/jpeg\" \/>\n<meta name=\"twitter:card\" content=\"summary_large_image\" \/>\n<meta name=\"twitter:label1\" content=\"\u63a8\u5b9a\u8aad\u307f\u53d6\u308a\u6642\u9593\" \/>\n\t<meta name=\"twitter:data1\" content=\"1\u5206\" \/>\n<script type=\"application\/ld+json\" class=\"yoast-schema-graph\">{\"@context\":\"https:\/\/schema.org\",\"@graph\":[{\"@type\":\"WebPage\",\"@id\":\"https:\/\/www.stephaniecesaire.com\/ja\/boutique\/%e3%83%90%e3%83%83%e3%82%b0\/%e3%83%88%e3%83%bc%e3%83%86%e3%83%a0\/totem-cuir-de-buffle-graine-noir-anneau-bois\/\",\"url\":\"https:\/\/www.stephaniecesaire.com\/ja\/boutique\/%e3%83%90%e3%83%83%e3%82%b0\/%e3%83%88%e3%83%bc%e3%83%86%e3%83%a0\/totem-cuir-de-buffle-graine-noir-anneau-bois\/\",\"name\":\"Sac Totem - cuir de buffle - C\u00e9saire - Sac cr\u00e9ateur fabriqu\u00e9 en France\",\"isPartOf\":{\"@id\":\"https:\/\/www.stephaniecesaire.com\/ja\/#website\"},\"primaryImageOfPage\":{\"@id\":\"https:\/\/www.stephaniecesaire.com\/ja\/boutique\/%e3%83%90%e3%83%83%e3%82%b0\/%e3%83%88%e3%83%bc%e3%83%86%e3%83%a0\/totem-cuir-de-buffle-graine-noir-anneau-bois\/#primaryimage\"},\"image\":{\"@id\":\"https:\/\/www.stephaniecesaire.com\/ja\/boutique\/%e3%83%90%e3%83%83%e3%82%b0\/%e3%83%88%e3%83%bc%e3%83%86%e3%83%a0\/totem-cuir-de-buffle-graine-noir-anneau-bois\/#primaryimage\"},\"thumbnailUrl\":\"https:\/\/www.stephaniecesaire.com\/wp-content\/uploads\/2023\/09\/TotemBUFNoirAnneauSombreProfil-jpg.webp\",\"datePublished\":\"2021-12-23T22:14:54+00:00\",\"dateModified\":\"2024-04-10T15:10:11+00:00\",\"description\":\"La poche Bracelet TOTEM se porte \u00e0 la main ou au poignet gr\u00e2ce \u00e0 son bracelet de bois sculpt\u00e9. Taill\u00e9e dans des cuirs singuliers telle une poche de papier au fond carr\u00e9. Seules les coutures essentielles ont \u00e9t\u00e9 pr\u00e9serv\u00e9es pour laisser la part belle aux mati\u00e8res travaill\u00e9es de mani\u00e8res artisanales en France.\",\"breadcrumb\":{\"@id\":\"https:\/\/www.stephaniecesaire.com\/ja\/boutique\/%e3%83%90%e3%83%83%e3%82%b0\/%e3%83%88%e3%83%bc%e3%83%86%e3%83%a0\/totem-cuir-de-buffle-graine-noir-anneau-bois\/#breadcrumb\"},\"inLanguage\":\"ja\",\"potentialAction\":[{\"@type\":\"ReadAction\",\"target\":[\"https:\/\/www.stephaniecesaire.com\/ja\/boutique\/%e3%83%90%e3%83%83%e3%82%b0\/%e3%83%88%e3%83%bc%e3%83%86%e3%83%a0\/totem-cuir-de-buffle-graine-noir-anneau-bois\/\"]}]},{\"@type\":\"ImageObject\",\"inLanguage\":\"ja\",\"@id\":\"https:\/\/www.stephaniecesaire.com\/ja\/boutique\/%e3%83%90%e3%83%83%e3%82%b0\/%e3%83%88%e3%83%bc%e3%83%86%e3%83%a0\/totem-cuir-de-buffle-graine-noir-anneau-bois\/#primaryimage\",\"url\":\"https:\/\/www.stephaniecesaire.com\/wp-content\/uploads\/2023\/09\/TotemBUFNoirAnneauSombreProfil-jpg.webp\",\"contentUrl\":\"https:\/\/www.stephaniecesaire.com\/wp-content\/uploads\/2023\/09\/TotemBUFNoirAnneauSombreProfil-jpg.webp\",\"width\":630,\"height\":945},{\"@type\":\"BreadcrumbList\",\"@id\":\"https:\/\/www.stephaniecesaire.com\/ja\/boutique\/%e3%83%90%e3%83%83%e3%82%b0\/%e3%83%88%e3%83%bc%e3%83%86%e3%83%a0\/totem-cuir-de-buffle-graine-noir-anneau-bois\/#breadcrumb\",\"itemListElement\":[{\"@type\":\"ListItem\",\"position\":1,\"name\":\"Accueil\",\"item\":\"https:\/\/www.stephaniecesaire.com\/ja\/\"},{\"@type\":\"ListItem\",\"position\":2,\"name\":\"\u30b7\u30e7\u30c3\u30d7\",\"item\":\"https:\/\/www.stephaniecesaire.com\/ja\/%e3%82%b7%e3%83%a7%e3%83%83%e3%83%97\/\"},{\"@type\":\"ListItem\",\"position\":3,\"name\":\"\u30c8\u30fc\u30c6\u30e0\u30fb\u30d0\u30c3\u30d5\u30a1\u30ed\u30fc\u30fb\u30ec\u30b6\u30fc\u30fb\u9ed2\u30fb\u6728\u88fd\u306e\u5186\"}]},{\"@type\":\"WebSite\",\"@id\":\"https:\/\/www.stephaniecesaire.com\/ja\/#website\",\"url\":\"https:\/\/www.stephaniecesaire.com\/ja\/\",\"name\":\"St\u00e9phanie C\u00e9saire\",\"description\":\"Sac cr\u00e9ateur made in France - Maroquinerie de luxe\",\"publisher\":{\"@id\":\"https:\/\/www.stephaniecesaire.com\/ja\/#organization\"},\"potentialAction\":[{\"@type\":\"SearchAction\",\"target\":{\"@type\":\"EntryPoint\",\"urlTemplate\":\"https:\/\/www.stephaniecesaire.com\/ja\/?s={search_term_string}\"},\"query-input\":\"required name=search_term_string\"}],\"inLanguage\":\"ja\"},{\"@type\":\"Organization\",\"@id\":\"https:\/\/www.stephaniecesaire.com\/ja\/#organization\",\"name\":\"St\u00e9phanie C\u00e9saire\",\"url\":\"https:\/\/www.stephaniecesaire.com\/ja\/\",\"logo\":{\"@type\":\"ImageObject\",\"inLanguage\":\"ja\",\"@id\":\"https:\/\/www.stephaniecesaire.com\/ja\/#\/schema\/logo\/image\/\",\"url\":\"https:\/\/www.stephaniecesaire.com\/wp-content\/uploads\/2023\/10\/favicon.png\",\"contentUrl\":\"https:\/\/www.stephaniecesaire.com\/wp-content\/uploads\/2023\/10\/favicon.png\",\"width\":512,\"height\":512,\"caption\":\"St\u00e9phanie C\u00e9saire\"},\"image\":{\"@id\":\"https:\/\/www.stephaniecesaire.com\/ja\/#\/schema\/logo\/image\/\"},\"sameAs\":[\"https:\/\/www.facebook.com\/cesaireparis\/\",\"https:\/\/www.pinterest.fr\/cesaireparis\/\",\"https:\/\/www.instagram.com\/cesaireparis.official\/\"]}]}<\/script>\n<!-- \/ Yoast SEO plugin. -->","yoast_head_json":{"title":"Sac Totem - cuir de buffle - C\u00e9saire - Sac cr\u00e9ateur fabriqu\u00e9 en France","description":"La poche Bracelet TOTEM se porte \u00e0 la main ou au poignet gr\u00e2ce \u00e0 son bracelet de bois sculpt\u00e9. Taill\u00e9e dans des cuirs singuliers telle une poche de papier au fond carr\u00e9. Seules les coutures essentielles ont \u00e9t\u00e9 pr\u00e9serv\u00e9es pour laisser la part belle aux mati\u00e8res travaill\u00e9es de mani\u00e8res artisanales en France.","robots":{"index":"index","follow":"follow","max-snippet":"max-snippet:-1","max-image-preview":"max-image-preview:large","max-video-preview":"max-video-preview:-1"},"canonical":"https:\/\/www.stephaniecesaire.com\/ja\/boutique\/%e3%83%90%e3%83%83%e3%82%b0\/%e3%83%88%e3%83%bc%e3%83%86%e3%83%a0\/totem-cuir-de-buffle-graine-noir-anneau-bois\/","og_locale":"ja_JP","og_type":"article","og_title":"Sac Totem - cuir de buffle - C\u00e9saire - Sac cr\u00e9ateur fabriqu\u00e9 en France","og_description":"La poche Bracelet TOTEM se porte \u00e0 la main ou au poignet gr\u00e2ce \u00e0 son bracelet de bois sculpt\u00e9. Taill\u00e9e dans des cuirs singuliers telle une poche de papier au fond carr\u00e9. Seules les coutures essentielles ont \u00e9t\u00e9 pr\u00e9serv\u00e9es pour laisser la part belle aux mati\u00e8res travaill\u00e9es de mani\u00e8res artisanales en France.","og_url":"https:\/\/www.stephaniecesaire.com\/ja\/boutique\/%e3%83%90%e3%83%83%e3%82%b0\/%e3%83%88%e3%83%bc%e3%83%86%e3%83%a0\/totem-cuir-de-buffle-graine-noir-anneau-bois\/","og_site_name":"C\u00e9saire","article_publisher":"https:\/\/www.facebook.com\/cesaireparis\/","article_modified_time":"2024-04-10T15:10:11+00:00","og_image":[{"width":630,"height":945,"url":"https:\/\/www.stephaniecesaire.com\/wp-content\/uploads\/2023\/09\/TotemBUFNoirAnneauSombreProfil-jpg.webp","type":"image\/jpeg"}],"twitter_card":"summary_large_image","twitter_misc":{"\u63a8\u5b9a\u8aad\u307f\u53d6\u308a\u6642\u9593":"1\u5206"},"schema":{"@context":"https:\/\/schema.org","@graph":[{"@type":"WebPage","@id":"https:\/\/www.stephaniecesaire.com\/ja\/boutique\/%e3%83%90%e3%83%83%e3%82%b0\/%e3%83%88%e3%83%bc%e3%83%86%e3%83%a0\/totem-cuir-de-buffle-graine-noir-anneau-bois\/","url":"https:\/\/www.stephaniecesaire.com\/ja\/boutique\/%e3%83%90%e3%83%83%e3%82%b0\/%e3%83%88%e3%83%bc%e3%83%86%e3%83%a0\/totem-cuir-de-buffle-graine-noir-anneau-bois\/","name":"Sac Totem - cuir de buffle - C\u00e9saire - Sac cr\u00e9ateur fabriqu\u00e9 en France","isPartOf":{"@id":"https:\/\/www.stephaniecesaire.com\/ja\/#website"},"primaryImageOfPage":{"@id":"https:\/\/www.stephaniecesaire.com\/ja\/boutique\/%e3%83%90%e3%83%83%e3%82%b0\/%e3%83%88%e3%83%bc%e3%83%86%e3%83%a0\/totem-cuir-de-buffle-graine-noir-anneau-bois\/#primaryimage"},"image":{"@id":"https:\/\/www.stephaniecesaire.com\/ja\/boutique\/%e3%83%90%e3%83%83%e3%82%b0\/%e3%83%88%e3%83%bc%e3%83%86%e3%83%a0\/totem-cuir-de-buffle-graine-noir-anneau-bois\/#primaryimage"},"thumbnailUrl":"https:\/\/www.stephaniecesaire.com\/wp-content\/uploads\/2023\/09\/TotemBUFNoirAnneauSombreProfil-jpg.webp","datePublished":"2021-12-23T22:14:54+00:00","dateModified":"2024-04-10T15:10:11+00:00","description":"La poche Bracelet TOTEM se porte \u00e0 la main ou au poignet gr\u00e2ce \u00e0 son bracelet de bois sculpt\u00e9. Taill\u00e9e dans des cuirs singuliers telle une poche de papier au fond carr\u00e9. Seules les coutures essentielles ont \u00e9t\u00e9 pr\u00e9serv\u00e9es pour laisser la part belle aux mati\u00e8res travaill\u00e9es de mani\u00e8res artisanales en France.","breadcrumb":{"@id":"https:\/\/www.stephaniecesaire.com\/ja\/boutique\/%e3%83%90%e3%83%83%e3%82%b0\/%e3%83%88%e3%83%bc%e3%83%86%e3%83%a0\/totem-cuir-de-buffle-graine-noir-anneau-bois\/#breadcrumb"},"inLanguage":"ja","potentialAction":[{"@type":"ReadAction","target":["https:\/\/www.stephaniecesaire.com\/ja\/boutique\/%e3%83%90%e3%83%83%e3%82%b0\/%e3%83%88%e3%83%bc%e3%83%86%e3%83%a0\/totem-cuir-de-buffle-graine-noir-anneau-bois\/"]}]},{"@type":"ImageObject","inLanguage":"ja","@id":"https:\/\/www.stephaniecesaire.com\/ja\/boutique\/%e3%83%90%e3%83%83%e3%82%b0\/%e3%83%88%e3%83%bc%e3%83%86%e3%83%a0\/totem-cuir-de-buffle-graine-noir-anneau-bois\/#primaryimage","url":"https:\/\/www.stephaniecesaire.com\/wp-content\/uploads\/2023\/09\/TotemBUFNoirAnneauSombreProfil-jpg.webp","contentUrl":"https:\/\/www.stephaniecesaire.com\/wp-content\/uploads\/2023\/09\/TotemBUFNoirAnneauSombreProfil-jpg.webp","width":630,"height":945},{"@type":"BreadcrumbList","@id":"https:\/\/www.stephaniecesaire.com\/ja\/boutique\/%e3%83%90%e3%83%83%e3%82%b0\/%e3%83%88%e3%83%bc%e3%83%86%e3%83%a0\/totem-cuir-de-buffle-graine-noir-anneau-bois\/#breadcrumb","itemListElement":[{"@type":"ListItem","position":1,"name":"Accueil","item":"https:\/\/www.stephaniecesaire.com\/ja\/"},{"@type":"ListItem","position":2,"name":"\u30b7\u30e7\u30c3\u30d7","item":"https:\/\/www.stephaniecesaire.com\/ja\/%e3%82%b7%e3%83%a7%e3%83%83%e3%83%97\/"},{"@type":"ListItem","position":3,"name":"\u30c8\u30fc\u30c6\u30e0\u30fb\u30d0\u30c3\u30d5\u30a1\u30ed\u30fc\u30fb\u30ec\u30b6\u30fc\u30fb\u9ed2\u30fb\u6728\u88fd\u306e\u5186"}]},{"@type":"WebSite","@id":"https:\/\/www.stephaniecesaire.com\/ja\/#website","url":"https:\/\/www.stephaniecesaire.com\/ja\/","name":"St\u00e9phanie C\u00e9saire","description":"Sac cr\u00e9ateur made in France - Maroquinerie de luxe","publisher":{"@id":"https:\/\/www.stephaniecesaire.com\/ja\/#organization"},"potentialAction":[{"@type":"SearchAction","target":{"@type":"EntryPoint","urlTemplate":"https:\/\/www.stephaniecesaire.com\/ja\/?s={search_term_string}"},"query-input":"required name=search_term_string"}],"inLanguage":"ja"},{"@type":"Organization","@id":"https:\/\/www.stephaniecesaire.com\/ja\/#organization","name":"St\u00e9phanie C\u00e9saire","url":"https:\/\/www.stephaniecesaire.com\/ja\/","logo":{"@type":"ImageObject","inLanguage":"ja","@id":"https:\/\/www.stephaniecesaire.com\/ja\/#\/schema\/logo\/image\/","url":"https:\/\/www.stephaniecesaire.com\/wp-content\/uploads\/2023\/10\/favicon.png","contentUrl":"https:\/\/www.stephaniecesaire.com\/wp-content\/uploads\/2023\/10\/favicon.png","width":512,"height":512,"caption":"St\u00e9phanie C\u00e9saire"},"image":{"@id":"https:\/\/www.stephaniecesaire.com\/ja\/#\/schema\/logo\/image\/"},"sameAs":["https:\/\/www.facebook.com\/cesaireparis\/","https:\/\/www.pinterest.fr\/cesaireparis\/","https:\/\/www.instagram.com\/cesaireparis.official\/"]}]}},"_links":{"self":[{"href":"https:\/\/www.stephaniecesaire.com\/ja\/wp-json\/wp\/v2\/product\/29707","targetHints":{"allow":["GET"]}}],"collection":[{"href":"https:\/\/www.stephaniecesaire.com\/ja\/wp-json\/wp\/v2\/product"}],"about":[{"href":"https:\/\/www.stephaniecesaire.com\/ja\/wp-json\/wp\/v2\/types\/product"}],"wp:featuredmedia":[{"embeddable":true,"href":"https:\/\/www.stephaniecesaire.com\/ja\/wp-json\/wp\/v2\/media\/22370"}],"wp:attachment":[{"href":"https:\/\/www.stephaniecesaire.com\/ja\/wp-json\/wp\/v2\/media?parent=29707"}],"wp:term":[{"taxonomy":"product_cat","embeddable":true,"href":"https:\/\/www.stephaniecesaire.com\/ja\/wp-json\/wp\/v2\/product_cat?post=29707"},{"taxonomy":"product_tag","embeddable":true,"href":"https:\/\/www.stephaniecesaire.com\/ja\/wp-json\/wp\/v2\/product_tag?post=29707"}],"curies":[{"name":"wp","href":"https:\/\/api.w.org\/{rel}","templated":true}]}}