{"id":29770,"date":"2020-05-18T19:11:36","date_gmt":"2020-05-18T17:11:36","guid":{"rendered":"https:\/\/stephaniecesaire.com\/boutique\/uncategorized\/portefeuille-eventail-cuir-de-taurillon-graine-cumin\/"},"modified":"2024-02-20T19:19:43","modified_gmt":"2024-02-20T18:19:43","slug":"portefeuille-eventail-cuir-de-taurillon-graine-cumin","status":"publish","type":"product","link":"https:\/\/www.stephaniecesaire.com\/ja\/boutique\/%e9%9d%a9%e5%b0%8f%e7%89%a9\/%e6%9c%ad%e5%85%a5%e3%82%8c%ef%bc%88%e3%83%9d%e3%83%bc%e3%83%88%e3%83%95%e3%82%a9%e3%83%aa%e3%82%aa%ef%bc%89%e3%83%95%e3%82%a1%e3%83%b3\/portefeuille-eventail-cuir-de-taurillon-graine-cumin\/","title":{"rendered":"\u672d\u5165\u308c\uff08\u30dd\u30fc\u30c8\u30d5\u30a9\u30ea\u30aa\uff09\u30d5\u30a1\u30f3 \uff0d \u30b0\u30ec\u30a4\u30f3\u30c9 \u30ab\u30fc\u30d5\u30b9\u30a8 \u30af\u30df\u30f3"},"content":{"rendered":"<p>\u3053\u306e\u6247\u5b50\u578b\u306e\u304a\u8ca1\u5e03\u306f2\u679a\u306e\u53ce\u7d0d\u30d5\u30e9\u30c3\u30d7\u304b\u3089\u6210\u3063\u3066\u304a\u308a\u3001\u30ab\u30fc\u30c9\u5165\u308c\u304c5\u679a\u5206\u3001\u5c0f\u92ad\u7528\u306e\u30b8\u30c3\u30d1\u30fc\u4ed8\u304d\u30dd\u30b1\u30c3\u30c8\u3001\u304a\u672d\u7528\u306e\u30dd\u30b1\u30c3\u30c8\u304c2\u3064\u3001\u305d\u3057\u3066\u4e2d\u30b5\u30a4\u30ba\u306e\u30dd\u30b1\u30c3\u30c8\u304c2\u3064\u4ed8\u3044\u3066\u3044\u307e\u3059\u3002<\/p>\n","protected":false},"excerpt":{"rendered":"<p>\u69d8\u3005\u306a\u5834\u6240\u3092\u65c5\u3059\u308b\u30a2\u30a4\u30c6\u30e0\u3068\u3044\u3046\u30b3\u30f3\u30bb\u30d7\u30c8\u306e\u4e2d\u3067\u3001\u7f8e\u3057\u304f\u3001\u305d\u3057\u3066\u5fc5\u9700\u54c1\u3092\u53ce\u7d0d\u3059\u308b\u305f\u3081\u306b\u8a08\u7b97\u3055\u308c\u305f\u30c7\u30b6\u30a4\u30f3\u2026\u30b9\u30c6\u30d5\u30a1\u30cb\u30fc\u30fb\u30bb\u30bc\u30fc\u30eb\u304c\u3001\u81ea\u8eab\u306e\u304a\u8ca1\u5e03\u306b\u5bfe\u3059\u308b\u30f4\u30a3\u30b8\u30e7\u30f3\u3092\u63d0\u6848\u3057\u307e\u3059\u3002 \u305d\u306e\u4f5c\u308a\u306f\u30e6\u30cb\u30fc\u30af\u3067\u30aa\u30ea\u30b8\u30ca\u30eb\u3002\u4ed8\u5c5e\u306e\u7d10\u3092\u6ed1\u3089\u305b\u3066\u6247\u306e\u3088\u3046\u306b\u5e83\u3052\u308b\u3053\u3068\u304c\u3067\u304d\u307e\u3059\u3002<\/p>\n","protected":false},"featured_media":19634,"template":"","meta":[],"product_cat":[593],"product_tag":[],"class_list":{"0":"post-29770","1":"product","2":"type-product","3":"status-publish","4":"has-post-thumbnail","6":"product_cat-593","7":"product_shipping_class-classe-de-livraison-5","9":"first","10":"outofstock","11":"sold-individually","12":"taxable","13":"shipping-taxable","14":"purchasable","15":"product-type-simple"},"yoast_head":"<!-- This site is optimized with the Yoast SEO plugin v23.1 - https:\/\/yoast.com\/wordpress\/plugins\/seo\/ -->\n<title>\u672d\u5165\u308c\uff08\u30dd\u30fc\u30c8\u30d5\u30a9\u30ea\u30aa\uff09\u30d5\u30a1\u30f3 \uff0d \u30b0\u30ec\u30a4\u30f3\u30c9 \u30ab\u30fc\u30d5\u30b9\u30a8 \u30af\u30df\u30f3 - C\u00e9saire Maroquinerie Fran\u00e7aise<\/title>\n<meta name=\"description\" content=\"Dans l\u2019esprit d\u2019un objet nomade \u00e0 l\u2019esth\u00e9tique design et \u00e0 la conception \u00e9tudi\u00e9e pour ranger l\u2019indispensable, St\u00e9phanie nous propose sa vision du portefeuille. C\u2019est une gestuelle unique et originale qui permet de d\u00e9ployer l\u2019objet tel un \u00e9ventail, gr\u00e2ce \u00e0 son cordon coulissant.\" \/>\n<meta name=\"robots\" content=\"index, follow, max-snippet:-1, max-image-preview:large, max-video-preview:-1\" \/>\n<link rel=\"canonical\" href=\"https:\/\/www.stephaniecesaire.com\/ja\/boutique\/%e9%9d%a9%e5%b0%8f%e7%89%a9\/%e6%9c%ad%e5%85%a5%e3%82%8c%ef%bc%88%e3%83%9d%e3%83%bc%e3%83%88%e3%83%95%e3%82%a9%e3%83%aa%e3%82%aa%ef%bc%89%e3%83%95%e3%82%a1%e3%83%b3\/portefeuille-eventail-cuir-de-taurillon-graine-cumin\/\" \/>\n<meta property=\"og:locale\" content=\"ja_JP\" \/>\n<meta property=\"og:type\" content=\"article\" \/>\n<meta property=\"og:title\" content=\"\u672d\u5165\u308c\uff08\u30dd\u30fc\u30c8\u30d5\u30a9\u30ea\u30aa\uff09\u30d5\u30a1\u30f3 \uff0d \u30b0\u30ec\u30a4\u30f3\u30c9 \u30ab\u30fc\u30d5\u30b9\u30a8 \u30af\u30df\u30f3 - C\u00e9saire Maroquinerie Fran\u00e7aise\" \/>\n<meta property=\"og:description\" content=\"Dans l\u2019esprit d\u2019un objet nomade \u00e0 l\u2019esth\u00e9tique design et \u00e0 la conception \u00e9tudi\u00e9e pour ranger l\u2019indispensable, St\u00e9phanie nous propose sa vision du portefeuille. C\u2019est une gestuelle unique et originale qui permet de d\u00e9ployer l\u2019objet tel un \u00e9ventail, gr\u00e2ce \u00e0 son cordon coulissant.\" \/>\n<meta property=\"og:url\" content=\"https:\/\/www.stephaniecesaire.com\/ja\/boutique\/%e9%9d%a9%e5%b0%8f%e7%89%a9\/%e6%9c%ad%e5%85%a5%e3%82%8c%ef%bc%88%e3%83%9d%e3%83%bc%e3%83%88%e3%83%95%e3%82%a9%e3%83%aa%e3%82%aa%ef%bc%89%e3%83%95%e3%82%a1%e3%83%b3\/portefeuille-eventail-cuir-de-taurillon-graine-cumin\/\" \/>\n<meta property=\"og:site_name\" content=\"C\u00e9saire\" \/>\n<meta property=\"article:publisher\" content=\"https:\/\/www.facebook.com\/cesaireparis\/\" \/>\n<meta property=\"article:modified_time\" content=\"2024-02-20T18:19:43+00:00\" \/>\n<meta property=\"og:image\" content=\"https:\/\/www.stephaniecesaire.com\/wp-content\/uploads\/2023\/09\/EventailRAGCuminOuvert-jpg.webp\" \/>\n\t<meta property=\"og:image:width\" content=\"630\" \/>\n\t<meta property=\"og:image:height\" content=\"945\" \/>\n\t<meta property=\"og:image:type\" content=\"image\/jpeg\" \/>\n<meta name=\"twitter:card\" content=\"summary_large_image\" \/>\n<script type=\"application\/ld+json\" class=\"yoast-schema-graph\">{\"@context\":\"https:\/\/schema.org\",\"@graph\":[{\"@type\":\"WebPage\",\"@id\":\"https:\/\/www.stephaniecesaire.com\/ja\/boutique\/%e9%9d%a9%e5%b0%8f%e7%89%a9\/%e6%9c%ad%e5%85%a5%e3%82%8c%ef%bc%88%e3%83%9d%e3%83%bc%e3%83%88%e3%83%95%e3%82%a9%e3%83%aa%e3%82%aa%ef%bc%89%e3%83%95%e3%82%a1%e3%83%b3\/portefeuille-eventail-cuir-de-taurillon-graine-cumin\/\",\"url\":\"https:\/\/www.stephaniecesaire.com\/ja\/boutique\/%e9%9d%a9%e5%b0%8f%e7%89%a9\/%e6%9c%ad%e5%85%a5%e3%82%8c%ef%bc%88%e3%83%9d%e3%83%bc%e3%83%88%e3%83%95%e3%82%a9%e3%83%aa%e3%82%aa%ef%bc%89%e3%83%95%e3%82%a1%e3%83%b3\/portefeuille-eventail-cuir-de-taurillon-graine-cumin\/\",\"name\":\"\u672d\u5165\u308c\uff08\u30dd\u30fc\u30c8\u30d5\u30a9\u30ea\u30aa\uff09\u30d5\u30a1\u30f3 \uff0d \u30b0\u30ec\u30a4\u30f3\u30c9 \u30ab\u30fc\u30d5\u30b9\u30a8 \u30af\u30df\u30f3 - C\u00e9saire Maroquinerie Fran\u00e7aise\",\"isPartOf\":{\"@id\":\"https:\/\/www.stephaniecesaire.com\/ja\/#website\"},\"primaryImageOfPage\":{\"@id\":\"https:\/\/www.stephaniecesaire.com\/ja\/boutique\/%e9%9d%a9%e5%b0%8f%e7%89%a9\/%e6%9c%ad%e5%85%a5%e3%82%8c%ef%bc%88%e3%83%9d%e3%83%bc%e3%83%88%e3%83%95%e3%82%a9%e3%83%aa%e3%82%aa%ef%bc%89%e3%83%95%e3%82%a1%e3%83%b3\/portefeuille-eventail-cuir-de-taurillon-graine-cumin\/#primaryimage\"},\"image\":{\"@id\":\"https:\/\/www.stephaniecesaire.com\/ja\/boutique\/%e9%9d%a9%e5%b0%8f%e7%89%a9\/%e6%9c%ad%e5%85%a5%e3%82%8c%ef%bc%88%e3%83%9d%e3%83%bc%e3%83%88%e3%83%95%e3%82%a9%e3%83%aa%e3%82%aa%ef%bc%89%e3%83%95%e3%82%a1%e3%83%b3\/portefeuille-eventail-cuir-de-taurillon-graine-cumin\/#primaryimage\"},\"thumbnailUrl\":\"https:\/\/www.stephaniecesaire.com\/wp-content\/uploads\/2023\/09\/EventailRAGCuminOuvert-jpg.webp\",\"datePublished\":\"2020-05-18T17:11:36+00:00\",\"dateModified\":\"2024-02-20T18:19:43+00:00\",\"description\":\"Dans l\u2019esprit d\u2019un objet nomade \u00e0 l\u2019esth\u00e9tique design et \u00e0 la conception \u00e9tudi\u00e9e pour ranger l\u2019indispensable, St\u00e9phanie nous propose sa vision du portefeuille. C\u2019est une gestuelle unique et originale qui permet de d\u00e9ployer l\u2019objet tel un \u00e9ventail, gr\u00e2ce \u00e0 son cordon coulissant.\",\"breadcrumb\":{\"@id\":\"https:\/\/www.stephaniecesaire.com\/ja\/boutique\/%e9%9d%a9%e5%b0%8f%e7%89%a9\/%e6%9c%ad%e5%85%a5%e3%82%8c%ef%bc%88%e3%83%9d%e3%83%bc%e3%83%88%e3%83%95%e3%82%a9%e3%83%aa%e3%82%aa%ef%bc%89%e3%83%95%e3%82%a1%e3%83%b3\/portefeuille-eventail-cuir-de-taurillon-graine-cumin\/#breadcrumb\"},\"inLanguage\":\"ja\",\"potentialAction\":[{\"@type\":\"ReadAction\",\"target\":[\"https:\/\/www.stephaniecesaire.com\/ja\/boutique\/%e9%9d%a9%e5%b0%8f%e7%89%a9\/%e6%9c%ad%e5%85%a5%e3%82%8c%ef%bc%88%e3%83%9d%e3%83%bc%e3%83%88%e3%83%95%e3%82%a9%e3%83%aa%e3%82%aa%ef%bc%89%e3%83%95%e3%82%a1%e3%83%b3\/portefeuille-eventail-cuir-de-taurillon-graine-cumin\/\"]}]},{\"@type\":\"ImageObject\",\"inLanguage\":\"ja\",\"@id\":\"https:\/\/www.stephaniecesaire.com\/ja\/boutique\/%e9%9d%a9%e5%b0%8f%e7%89%a9\/%e6%9c%ad%e5%85%a5%e3%82%8c%ef%bc%88%e3%83%9d%e3%83%bc%e3%83%88%e3%83%95%e3%82%a9%e3%83%aa%e3%82%aa%ef%bc%89%e3%83%95%e3%82%a1%e3%83%b3\/portefeuille-eventail-cuir-de-taurillon-graine-cumin\/#primaryimage\",\"url\":\"https:\/\/www.stephaniecesaire.com\/wp-content\/uploads\/2023\/09\/EventailRAGCuminOuvert-jpg.webp\",\"contentUrl\":\"https:\/\/www.stephaniecesaire.com\/wp-content\/uploads\/2023\/09\/EventailRAGCuminOuvert-jpg.webp\",\"width\":630,\"height\":945},{\"@type\":\"BreadcrumbList\",\"@id\":\"https:\/\/www.stephaniecesaire.com\/ja\/boutique\/%e9%9d%a9%e5%b0%8f%e7%89%a9\/%e6%9c%ad%e5%85%a5%e3%82%8c%ef%bc%88%e3%83%9d%e3%83%bc%e3%83%88%e3%83%95%e3%82%a9%e3%83%aa%e3%82%aa%ef%bc%89%e3%83%95%e3%82%a1%e3%83%b3\/portefeuille-eventail-cuir-de-taurillon-graine-cumin\/#breadcrumb\",\"itemListElement\":[{\"@type\":\"ListItem\",\"position\":1,\"name\":\"Accueil\",\"item\":\"https:\/\/www.stephaniecesaire.com\/ja\/\"},{\"@type\":\"ListItem\",\"position\":2,\"name\":\"\u30b7\u30e7\u30c3\u30d7\",\"item\":\"https:\/\/www.stephaniecesaire.com\/ja\/%e3%82%b7%e3%83%a7%e3%83%83%e3%83%97\/\"},{\"@type\":\"ListItem\",\"position\":3,\"name\":\"\u672d\u5165\u308c\uff08\u30dd\u30fc\u30c8\u30d5\u30a9\u30ea\u30aa\uff09\u30d5\u30a1\u30f3 \uff0d \u30b0\u30ec\u30a4\u30f3\u30c9 \u30ab\u30fc\u30d5\u30b9\u30a8 \u30af\u30df\u30f3\"}]},{\"@type\":\"WebSite\",\"@id\":\"https:\/\/www.stephaniecesaire.com\/ja\/#website\",\"url\":\"https:\/\/www.stephaniecesaire.com\/ja\/\",\"name\":\"St\u00e9phanie C\u00e9saire\",\"description\":\"Sac cr\u00e9ateur made in France - Maroquinerie de luxe\",\"publisher\":{\"@id\":\"https:\/\/www.stephaniecesaire.com\/ja\/#organization\"},\"potentialAction\":[{\"@type\":\"SearchAction\",\"target\":{\"@type\":\"EntryPoint\",\"urlTemplate\":\"https:\/\/www.stephaniecesaire.com\/ja\/?s={search_term_string}\"},\"query-input\":\"required name=search_term_string\"}],\"inLanguage\":\"ja\"},{\"@type\":\"Organization\",\"@id\":\"https:\/\/www.stephaniecesaire.com\/ja\/#organization\",\"name\":\"St\u00e9phanie C\u00e9saire\",\"url\":\"https:\/\/www.stephaniecesaire.com\/ja\/\",\"logo\":{\"@type\":\"ImageObject\",\"inLanguage\":\"ja\",\"@id\":\"https:\/\/www.stephaniecesaire.com\/ja\/#\/schema\/logo\/image\/\",\"url\":\"https:\/\/www.stephaniecesaire.com\/wp-content\/uploads\/2023\/10\/favicon.png\",\"contentUrl\":\"https:\/\/www.stephaniecesaire.com\/wp-content\/uploads\/2023\/10\/favicon.png\",\"width\":512,\"height\":512,\"caption\":\"St\u00e9phanie C\u00e9saire\"},\"image\":{\"@id\":\"https:\/\/www.stephaniecesaire.com\/ja\/#\/schema\/logo\/image\/\"},\"sameAs\":[\"https:\/\/www.facebook.com\/cesaireparis\/\",\"https:\/\/www.pinterest.fr\/cesaireparis\/\",\"https:\/\/www.instagram.com\/cesaireparis.official\/\"]}]}<\/script>\n<!-- \/ Yoast SEO plugin. -->","yoast_head_json":{"title":"\u672d\u5165\u308c\uff08\u30dd\u30fc\u30c8\u30d5\u30a9\u30ea\u30aa\uff09\u30d5\u30a1\u30f3 \uff0d \u30b0\u30ec\u30a4\u30f3\u30c9 \u30ab\u30fc\u30d5\u30b9\u30a8 \u30af\u30df\u30f3 - C\u00e9saire Maroquinerie Fran\u00e7aise","description":"Dans l\u2019esprit d\u2019un objet nomade \u00e0 l\u2019esth\u00e9tique design et \u00e0 la conception \u00e9tudi\u00e9e pour ranger l\u2019indispensable, St\u00e9phanie nous propose sa vision du portefeuille. C\u2019est une gestuelle unique et originale qui permet de d\u00e9ployer l\u2019objet tel un \u00e9ventail, gr\u00e2ce \u00e0 son cordon coulissant.","robots":{"index":"index","follow":"follow","max-snippet":"max-snippet:-1","max-image-preview":"max-image-preview:large","max-video-preview":"max-video-preview:-1"},"canonical":"https:\/\/www.stephaniecesaire.com\/ja\/boutique\/%e9%9d%a9%e5%b0%8f%e7%89%a9\/%e6%9c%ad%e5%85%a5%e3%82%8c%ef%bc%88%e3%83%9d%e3%83%bc%e3%83%88%e3%83%95%e3%82%a9%e3%83%aa%e3%82%aa%ef%bc%89%e3%83%95%e3%82%a1%e3%83%b3\/portefeuille-eventail-cuir-de-taurillon-graine-cumin\/","og_locale":"ja_JP","og_type":"article","og_title":"\u672d\u5165\u308c\uff08\u30dd\u30fc\u30c8\u30d5\u30a9\u30ea\u30aa\uff09\u30d5\u30a1\u30f3 \uff0d \u30b0\u30ec\u30a4\u30f3\u30c9 \u30ab\u30fc\u30d5\u30b9\u30a8 \u30af\u30df\u30f3 - C\u00e9saire Maroquinerie Fran\u00e7aise","og_description":"Dans l\u2019esprit d\u2019un objet nomade \u00e0 l\u2019esth\u00e9tique design et \u00e0 la conception \u00e9tudi\u00e9e pour ranger l\u2019indispensable, St\u00e9phanie nous propose sa vision du portefeuille. C\u2019est une gestuelle unique et originale qui permet de d\u00e9ployer l\u2019objet tel un \u00e9ventail, gr\u00e2ce \u00e0 son cordon coulissant.","og_url":"https:\/\/www.stephaniecesaire.com\/ja\/boutique\/%e9%9d%a9%e5%b0%8f%e7%89%a9\/%e6%9c%ad%e5%85%a5%e3%82%8c%ef%bc%88%e3%83%9d%e3%83%bc%e3%83%88%e3%83%95%e3%82%a9%e3%83%aa%e3%82%aa%ef%bc%89%e3%83%95%e3%82%a1%e3%83%b3\/portefeuille-eventail-cuir-de-taurillon-graine-cumin\/","og_site_name":"C\u00e9saire","article_publisher":"https:\/\/www.facebook.com\/cesaireparis\/","article_modified_time":"2024-02-20T18:19:43+00:00","og_image":[{"width":630,"height":945,"url":"https:\/\/www.stephaniecesaire.com\/wp-content\/uploads\/2023\/09\/EventailRAGCuminOuvert-jpg.webp","type":"image\/jpeg"}],"twitter_card":"summary_large_image","schema":{"@context":"https:\/\/schema.org","@graph":[{"@type":"WebPage","@id":"https:\/\/www.stephaniecesaire.com\/ja\/boutique\/%e9%9d%a9%e5%b0%8f%e7%89%a9\/%e6%9c%ad%e5%85%a5%e3%82%8c%ef%bc%88%e3%83%9d%e3%83%bc%e3%83%88%e3%83%95%e3%82%a9%e3%83%aa%e3%82%aa%ef%bc%89%e3%83%95%e3%82%a1%e3%83%b3\/portefeuille-eventail-cuir-de-taurillon-graine-cumin\/","url":"https:\/\/www.stephaniecesaire.com\/ja\/boutique\/%e9%9d%a9%e5%b0%8f%e7%89%a9\/%e6%9c%ad%e5%85%a5%e3%82%8c%ef%bc%88%e3%83%9d%e3%83%bc%e3%83%88%e3%83%95%e3%82%a9%e3%83%aa%e3%82%aa%ef%bc%89%e3%83%95%e3%82%a1%e3%83%b3\/portefeuille-eventail-cuir-de-taurillon-graine-cumin\/","name":"\u672d\u5165\u308c\uff08\u30dd\u30fc\u30c8\u30d5\u30a9\u30ea\u30aa\uff09\u30d5\u30a1\u30f3 \uff0d \u30b0\u30ec\u30a4\u30f3\u30c9 \u30ab\u30fc\u30d5\u30b9\u30a8 \u30af\u30df\u30f3 - C\u00e9saire Maroquinerie Fran\u00e7aise","isPartOf":{"@id":"https:\/\/www.stephaniecesaire.com\/ja\/#website"},"primaryImageOfPage":{"@id":"https:\/\/www.stephaniecesaire.com\/ja\/boutique\/%e9%9d%a9%e5%b0%8f%e7%89%a9\/%e6%9c%ad%e5%85%a5%e3%82%8c%ef%bc%88%e3%83%9d%e3%83%bc%e3%83%88%e3%83%95%e3%82%a9%e3%83%aa%e3%82%aa%ef%bc%89%e3%83%95%e3%82%a1%e3%83%b3\/portefeuille-eventail-cuir-de-taurillon-graine-cumin\/#primaryimage"},"image":{"@id":"https:\/\/www.stephaniecesaire.com\/ja\/boutique\/%e9%9d%a9%e5%b0%8f%e7%89%a9\/%e6%9c%ad%e5%85%a5%e3%82%8c%ef%bc%88%e3%83%9d%e3%83%bc%e3%83%88%e3%83%95%e3%82%a9%e3%83%aa%e3%82%aa%ef%bc%89%e3%83%95%e3%82%a1%e3%83%b3\/portefeuille-eventail-cuir-de-taurillon-graine-cumin\/#primaryimage"},"thumbnailUrl":"https:\/\/www.stephaniecesaire.com\/wp-content\/uploads\/2023\/09\/EventailRAGCuminOuvert-jpg.webp","datePublished":"2020-05-18T17:11:36+00:00","dateModified":"2024-02-20T18:19:43+00:00","description":"Dans l\u2019esprit d\u2019un objet nomade \u00e0 l\u2019esth\u00e9tique design et \u00e0 la conception \u00e9tudi\u00e9e pour ranger l\u2019indispensable, St\u00e9phanie nous propose sa vision du portefeuille. C\u2019est une gestuelle unique et originale qui permet de d\u00e9ployer l\u2019objet tel un \u00e9ventail, gr\u00e2ce \u00e0 son cordon coulissant.","breadcrumb":{"@id":"https:\/\/www.stephaniecesaire.com\/ja\/boutique\/%e9%9d%a9%e5%b0%8f%e7%89%a9\/%e6%9c%ad%e5%85%a5%e3%82%8c%ef%bc%88%e3%83%9d%e3%83%bc%e3%83%88%e3%83%95%e3%82%a9%e3%83%aa%e3%82%aa%ef%bc%89%e3%83%95%e3%82%a1%e3%83%b3\/portefeuille-eventail-cuir-de-taurillon-graine-cumin\/#breadcrumb"},"inLanguage":"ja","potentialAction":[{"@type":"ReadAction","target":["https:\/\/www.stephaniecesaire.com\/ja\/boutique\/%e9%9d%a9%e5%b0%8f%e7%89%a9\/%e6%9c%ad%e5%85%a5%e3%82%8c%ef%bc%88%e3%83%9d%e3%83%bc%e3%83%88%e3%83%95%e3%82%a9%e3%83%aa%e3%82%aa%ef%bc%89%e3%83%95%e3%82%a1%e3%83%b3\/portefeuille-eventail-cuir-de-taurillon-graine-cumin\/"]}]},{"@type":"ImageObject","inLanguage":"ja","@id":"https:\/\/www.stephaniecesaire.com\/ja\/boutique\/%e9%9d%a9%e5%b0%8f%e7%89%a9\/%e6%9c%ad%e5%85%a5%e3%82%8c%ef%bc%88%e3%83%9d%e3%83%bc%e3%83%88%e3%83%95%e3%82%a9%e3%83%aa%e3%82%aa%ef%bc%89%e3%83%95%e3%82%a1%e3%83%b3\/portefeuille-eventail-cuir-de-taurillon-graine-cumin\/#primaryimage","url":"https:\/\/www.stephaniecesaire.com\/wp-content\/uploads\/2023\/09\/EventailRAGCuminOuvert-jpg.webp","contentUrl":"https:\/\/www.stephaniecesaire.com\/wp-content\/uploads\/2023\/09\/EventailRAGCuminOuvert-jpg.webp","width":630,"height":945},{"@type":"BreadcrumbList","@id":"https:\/\/www.stephaniecesaire.com\/ja\/boutique\/%e9%9d%a9%e5%b0%8f%e7%89%a9\/%e6%9c%ad%e5%85%a5%e3%82%8c%ef%bc%88%e3%83%9d%e3%83%bc%e3%83%88%e3%83%95%e3%82%a9%e3%83%aa%e3%82%aa%ef%bc%89%e3%83%95%e3%82%a1%e3%83%b3\/portefeuille-eventail-cuir-de-taurillon-graine-cumin\/#breadcrumb","itemListElement":[{"@type":"ListItem","position":1,"name":"Accueil","item":"https:\/\/www.stephaniecesaire.com\/ja\/"},{"@type":"ListItem","position":2,"name":"\u30b7\u30e7\u30c3\u30d7","item":"https:\/\/www.stephaniecesaire.com\/ja\/%e3%82%b7%e3%83%a7%e3%83%83%e3%83%97\/"},{"@type":"ListItem","position":3,"name":"\u672d\u5165\u308c\uff08\u30dd\u30fc\u30c8\u30d5\u30a9\u30ea\u30aa\uff09\u30d5\u30a1\u30f3 \uff0d \u30b0\u30ec\u30a4\u30f3\u30c9 \u30ab\u30fc\u30d5\u30b9\u30a8 \u30af\u30df\u30f3"}]},{"@type":"WebSite","@id":"https:\/\/www.stephaniecesaire.com\/ja\/#website","url":"https:\/\/www.stephaniecesaire.com\/ja\/","name":"St\u00e9phanie C\u00e9saire","description":"Sac cr\u00e9ateur made in France - Maroquinerie de luxe","publisher":{"@id":"https:\/\/www.stephaniecesaire.com\/ja\/#organization"},"potentialAction":[{"@type":"SearchAction","target":{"@type":"EntryPoint","urlTemplate":"https:\/\/www.stephaniecesaire.com\/ja\/?s={search_term_string}"},"query-input":"required name=search_term_string"}],"inLanguage":"ja"},{"@type":"Organization","@id":"https:\/\/www.stephaniecesaire.com\/ja\/#organization","name":"St\u00e9phanie C\u00e9saire","url":"https:\/\/www.stephaniecesaire.com\/ja\/","logo":{"@type":"ImageObject","inLanguage":"ja","@id":"https:\/\/www.stephaniecesaire.com\/ja\/#\/schema\/logo\/image\/","url":"https:\/\/www.stephaniecesaire.com\/wp-content\/uploads\/2023\/10\/favicon.png","contentUrl":"https:\/\/www.stephaniecesaire.com\/wp-content\/uploads\/2023\/10\/favicon.png","width":512,"height":512,"caption":"St\u00e9phanie C\u00e9saire"},"image":{"@id":"https:\/\/www.stephaniecesaire.com\/ja\/#\/schema\/logo\/image\/"},"sameAs":["https:\/\/www.facebook.com\/cesaireparis\/","https:\/\/www.pinterest.fr\/cesaireparis\/","https:\/\/www.instagram.com\/cesaireparis.official\/"]}]}},"_links":{"self":[{"href":"https:\/\/www.stephaniecesaire.com\/ja\/wp-json\/wp\/v2\/product\/29770","targetHints":{"allow":["GET"]}}],"collection":[{"href":"https:\/\/www.stephaniecesaire.com\/ja\/wp-json\/wp\/v2\/product"}],"about":[{"href":"https:\/\/www.stephaniecesaire.com\/ja\/wp-json\/wp\/v2\/types\/product"}],"wp:featuredmedia":[{"embeddable":true,"href":"https:\/\/www.stephaniecesaire.com\/ja\/wp-json\/wp\/v2\/media\/19634"}],"wp:attachment":[{"href":"https:\/\/www.stephaniecesaire.com\/ja\/wp-json\/wp\/v2\/media?parent=29770"}],"wp:term":[{"taxonomy":"product_cat","embeddable":true,"href":"https:\/\/www.stephaniecesaire.com\/ja\/wp-json\/wp\/v2\/product_cat?post=29770"},{"taxonomy":"product_tag","embeddable":true,"href":"https:\/\/www.stephaniecesaire.com\/ja\/wp-json\/wp\/v2\/product_tag?post=29770"}],"curies":[{"name":"wp","href":"https:\/\/api.w.org\/{rel}","templated":true}]}}