{"id":29844,"date":"2019-09-09T17:38:42","date_gmt":"2019-09-09T15:38:42","guid":{"rendered":"https:\/\/stephaniecesaire.com\/boutique\/uncategorized\/neosellier-cuir-de-veau-sellier-tourterelle\/"},"modified":"2024-06-19T18:36:48","modified_gmt":"2024-06-19T16:36:48","slug":"neosellier-cuir-de-veau-sellier-tourterelle","status":"publish","type":"product","link":"https:\/\/www.stephaniecesaire.com\/ja\/boutique\/%e3%83%90%e3%83%83%e3%82%b0\/%e3%83%8d%e3%82%aa%e3%83%bb%e3%82%bb%e3%83%aa%e3%82%a8\/neosellier-cuir-de-veau-sellier-tourterelle\/","title":{"rendered":"\u30cd\u30aa\u30fb\u30bb\u30ea\u30a8\u30fb\u4e57\u7528\u99ac \u30ab\u30fc\u30d5\u30ec\u30b6\u30fc \u30c8\u30a5\u30eb\u30c8\u30ec\u30fc\u30eb"},"content":{"rendered":"<p>A4\u30b5\u30a4\u30ba\u3082\u3057\u3063\u304b\u308a\u5165\u308b\u30dc\u30ea\u30e5\u30fc\u30e0\u306b\u3001\u30b3\u30c3\u30c8\u30f3\u30b5\u30fc\u30b8100%\u306e\u88cf\u5730\u4ed8\u304d\u3002\u5185\u5074\u306b\u306f\u30d5\u30a1\u30b9\u30ca\u30fc\u30dd\u30b1\u30c3\u30c8\u3068\u3001\u643a\u5e2f\u96fb\u8a71\u7528\u306e\u30dd\u30b1\u30c3\u30c8\u3082\u4ed8\u5c5e\u3002\u771f\u936e\u30b9\u30bf\u30c3\u30ba\u304c\u30d0\u30c3\u30b0\u306e\u5e95\u3092\u3057\u3063\u304b\u308a\u3068\u4fdd\u8b77\u3057\u307e\u3059\u3002\u30d5\u30e9\u30f3\u30b9\u88fd<\/p>\n","protected":false},"excerpt":{"rendered":"<p>\u4f1d\u7d71\u7684\u306a\u99ac\u5177\u9020\u308a\u306e\u4fa1\u5024\u89b3\u304b\u3089\u30a4\u30f3\u30b9\u30d4\u30ec\u30fc\u30b7\u30e7\u30f3\u3092\u53d7\u3051\u305f\u30cd\u30aa\u30fb\u30bb\u30ea\u30a8\u306f\u3001\u30d5\u30e9\u30f3\u30b9\u5f0f\u306e\u6d17\u7df4\u3092\u4f53\u73fe\u3057\u305f\u30e2\u30c7\u30eb\u3002\u30b9\u30c6\u30c3\u30c1\u3084\u30cf\u30f3\u30c9\u30eb\u3001\u30ec\u30b6\u30fc\u306e\u30d9\u30eb\u30c8\u304c\u5973\u6027\u7684\u3067\u90fd\u4f1a\u7684\u306a\u66f2\u7dda\u3092\u5f37\u8abf\u3059\u308b\u30c7\u30b6\u30a4\u30f3\u306e\u30cd\u30aa\u30fb\u30bb\u30ea\u30a8\u306f\u3001\u512a\u96c5\u306a\u30b7\u30eb\u30a8\u30c3\u30c8\u3092\u6f14\u51fa\u3057\u3066\u304f\u308c\u308b\u30b7\u30e7\u30eb\u30c0\u30fc\u30d0\u30c3\u30b0\u3067\u3059\u3002<\/p>\n","protected":false},"featured_media":20614,"template":"","meta":[],"product_cat":[653],"product_tag":[1525,671],"class_list":{"0":"post-29844","1":"product","2":"type-product","3":"status-publish","4":"has-post-thumbnail","6":"product_cat-653","7":"product_tag-backorder-ja","8":"product_tag-671","9":"product_shipping_class-classe-de-livraison-4","10":"pa_porte-333","11":"pa_volume-335","13":"first","14":"outofstock","15":"sold-individually","16":"taxable","17":"shipping-taxable","18":"purchasable","19":"product-type-simple"},"yoast_head":"<!-- This site is optimized with the Yoast SEO plugin v23.1 - https:\/\/yoast.com\/wordpress\/plugins\/seo\/ -->\n<title>Sac Ic\u00f4nique Neosellier - C\u00e9saire Paris - Maroquinerie Fran\u00e7aise<\/title>\n<meta name=\"description\" content=\"Des sacs cr\u00e9ateur mode et tendance fabriqu\u00e9s en France, cr\u00e9\u00e9s dans la plus pure tradition de la maroquinerie Fran\u00e7aise - sacs en cuir artisanal France - marque de sac Fran\u00e7ais \u2013 maroquinerie de luxe artisanale Fran\u00e7aise \u2013 100% made in France\" \/>\n<meta name=\"robots\" content=\"index, follow, max-snippet:-1, max-image-preview:large, max-video-preview:-1\" \/>\n<link rel=\"canonical\" href=\"https:\/\/www.stephaniecesaire.com\/ja\/boutique\/%e3%83%90%e3%83%83%e3%82%b0\/%e3%83%8d%e3%82%aa%e3%83%bb%e3%82%bb%e3%83%aa%e3%82%a8\/neosellier-cuir-de-veau-sellier-tourterelle\/\" \/>\n<meta property=\"og:locale\" content=\"ja_JP\" \/>\n<meta property=\"og:type\" content=\"article\" \/>\n<meta property=\"og:title\" content=\"Sac Ic\u00f4nique Neosellier - C\u00e9saire Paris - Maroquinerie Fran\u00e7aise\" \/>\n<meta property=\"og:description\" content=\"Des sacs cr\u00e9ateur mode et tendance fabriqu\u00e9s en France, cr\u00e9\u00e9s dans la plus pure tradition de la maroquinerie Fran\u00e7aise - sacs en cuir artisanal France - marque de sac Fran\u00e7ais \u2013 maroquinerie de luxe artisanale Fran\u00e7aise \u2013 100% made in France\" \/>\n<meta property=\"og:url\" content=\"https:\/\/www.stephaniecesaire.com\/ja\/boutique\/%e3%83%90%e3%83%83%e3%82%b0\/%e3%83%8d%e3%82%aa%e3%83%bb%e3%82%bb%e3%83%aa%e3%82%a8\/neosellier-cuir-de-veau-sellier-tourterelle\/\" \/>\n<meta property=\"og:site_name\" content=\"C\u00e9saire\" \/>\n<meta property=\"article:publisher\" content=\"https:\/\/www.facebook.com\/cesaireparis\/\" \/>\n<meta property=\"article:modified_time\" content=\"2024-06-19T16:36:48+00:00\" \/>\n<meta property=\"og:image\" content=\"https:\/\/www.stephaniecesaire.com\/wp-content\/uploads\/2023\/09\/NEOSELLIERVPOTourterelleFace-jpg.webp\" \/>\n\t<meta property=\"og:image:width\" content=\"630\" \/>\n\t<meta property=\"og:image:height\" content=\"945\" \/>\n\t<meta property=\"og:image:type\" content=\"image\/jpeg\" \/>\n<meta name=\"twitter:card\" content=\"summary_large_image\" \/>\n<meta name=\"twitter:label1\" content=\"\u63a8\u5b9a\u8aad\u307f\u53d6\u308a\u6642\u9593\" \/>\n\t<meta name=\"twitter:data1\" content=\"1\u5206\" \/>\n<script type=\"application\/ld+json\" class=\"yoast-schema-graph\">{\"@context\":\"https:\/\/schema.org\",\"@graph\":[{\"@type\":\"WebPage\",\"@id\":\"https:\/\/www.stephaniecesaire.com\/ja\/boutique\/%e3%83%90%e3%83%83%e3%82%b0\/%e3%83%8d%e3%82%aa%e3%83%bb%e3%82%bb%e3%83%aa%e3%82%a8\/neosellier-cuir-de-veau-sellier-tourterelle\/\",\"url\":\"https:\/\/www.stephaniecesaire.com\/ja\/boutique\/%e3%83%90%e3%83%83%e3%82%b0\/%e3%83%8d%e3%82%aa%e3%83%bb%e3%82%bb%e3%83%aa%e3%82%a8\/neosellier-cuir-de-veau-sellier-tourterelle\/\",\"name\":\"Sac Ic\u00f4nique Neosellier - C\u00e9saire Paris - Maroquinerie Fran\u00e7aise\",\"isPartOf\":{\"@id\":\"https:\/\/www.stephaniecesaire.com\/ja\/#website\"},\"primaryImageOfPage\":{\"@id\":\"https:\/\/www.stephaniecesaire.com\/ja\/boutique\/%e3%83%90%e3%83%83%e3%82%b0\/%e3%83%8d%e3%82%aa%e3%83%bb%e3%82%bb%e3%83%aa%e3%82%a8\/neosellier-cuir-de-veau-sellier-tourterelle\/#primaryimage\"},\"image\":{\"@id\":\"https:\/\/www.stephaniecesaire.com\/ja\/boutique\/%e3%83%90%e3%83%83%e3%82%b0\/%e3%83%8d%e3%82%aa%e3%83%bb%e3%82%bb%e3%83%aa%e3%82%a8\/neosellier-cuir-de-veau-sellier-tourterelle\/#primaryimage\"},\"thumbnailUrl\":\"https:\/\/www.stephaniecesaire.com\/wp-content\/uploads\/2023\/09\/NEOSELLIERVPOTourterelleFace-jpg.webp\",\"datePublished\":\"2019-09-09T15:38:42+00:00\",\"dateModified\":\"2024-06-19T16:36:48+00:00\",\"description\":\"Des sacs cr\u00e9ateur mode et tendance fabriqu\u00e9s en France, cr\u00e9\u00e9s dans la plus pure tradition de la maroquinerie Fran\u00e7aise - sacs en cuir artisanal France - marque de sac Fran\u00e7ais \u2013 maroquinerie de luxe artisanale Fran\u00e7aise \u2013 100% made in France\",\"breadcrumb\":{\"@id\":\"https:\/\/www.stephaniecesaire.com\/ja\/boutique\/%e3%83%90%e3%83%83%e3%82%b0\/%e3%83%8d%e3%82%aa%e3%83%bb%e3%82%bb%e3%83%aa%e3%82%a8\/neosellier-cuir-de-veau-sellier-tourterelle\/#breadcrumb\"},\"inLanguage\":\"ja\",\"potentialAction\":[{\"@type\":\"ReadAction\",\"target\":[\"https:\/\/www.stephaniecesaire.com\/ja\/boutique\/%e3%83%90%e3%83%83%e3%82%b0\/%e3%83%8d%e3%82%aa%e3%83%bb%e3%82%bb%e3%83%aa%e3%82%a8\/neosellier-cuir-de-veau-sellier-tourterelle\/\"]}]},{\"@type\":\"ImageObject\",\"inLanguage\":\"ja\",\"@id\":\"https:\/\/www.stephaniecesaire.com\/ja\/boutique\/%e3%83%90%e3%83%83%e3%82%b0\/%e3%83%8d%e3%82%aa%e3%83%bb%e3%82%bb%e3%83%aa%e3%82%a8\/neosellier-cuir-de-veau-sellier-tourterelle\/#primaryimage\",\"url\":\"https:\/\/www.stephaniecesaire.com\/wp-content\/uploads\/2023\/09\/NEOSELLIERVPOTourterelleFace-jpg.webp\",\"contentUrl\":\"https:\/\/www.stephaniecesaire.com\/wp-content\/uploads\/2023\/09\/NEOSELLIERVPOTourterelleFace-jpg.webp\",\"width\":630,\"height\":945},{\"@type\":\"BreadcrumbList\",\"@id\":\"https:\/\/www.stephaniecesaire.com\/ja\/boutique\/%e3%83%90%e3%83%83%e3%82%b0\/%e3%83%8d%e3%82%aa%e3%83%bb%e3%82%bb%e3%83%aa%e3%82%a8\/neosellier-cuir-de-veau-sellier-tourterelle\/#breadcrumb\",\"itemListElement\":[{\"@type\":\"ListItem\",\"position\":1,\"name\":\"Accueil\",\"item\":\"https:\/\/www.stephaniecesaire.com\/ja\/\"},{\"@type\":\"ListItem\",\"position\":2,\"name\":\"\u30b7\u30e7\u30c3\u30d7\",\"item\":\"https:\/\/www.stephaniecesaire.com\/ja\/%e3%82%b7%e3%83%a7%e3%83%83%e3%83%97\/\"},{\"@type\":\"ListItem\",\"position\":3,\"name\":\"\u30cd\u30aa\u30fb\u30bb\u30ea\u30a8\u30fb\u4e57\u7528\u99ac \u30ab\u30fc\u30d5\u30ec\u30b6\u30fc \u30c8\u30a5\u30eb\u30c8\u30ec\u30fc\u30eb\"}]},{\"@type\":\"WebSite\",\"@id\":\"https:\/\/www.stephaniecesaire.com\/ja\/#website\",\"url\":\"https:\/\/www.stephaniecesaire.com\/ja\/\",\"name\":\"St\u00e9phanie C\u00e9saire\",\"description\":\"Sac cr\u00e9ateur made in France - Maroquinerie de luxe\",\"publisher\":{\"@id\":\"https:\/\/www.stephaniecesaire.com\/ja\/#organization\"},\"potentialAction\":[{\"@type\":\"SearchAction\",\"target\":{\"@type\":\"EntryPoint\",\"urlTemplate\":\"https:\/\/www.stephaniecesaire.com\/ja\/?s={search_term_string}\"},\"query-input\":\"required name=search_term_string\"}],\"inLanguage\":\"ja\"},{\"@type\":\"Organization\",\"@id\":\"https:\/\/www.stephaniecesaire.com\/ja\/#organization\",\"name\":\"St\u00e9phanie C\u00e9saire\",\"url\":\"https:\/\/www.stephaniecesaire.com\/ja\/\",\"logo\":{\"@type\":\"ImageObject\",\"inLanguage\":\"ja\",\"@id\":\"https:\/\/www.stephaniecesaire.com\/ja\/#\/schema\/logo\/image\/\",\"url\":\"https:\/\/www.stephaniecesaire.com\/wp-content\/uploads\/2023\/10\/favicon.png\",\"contentUrl\":\"https:\/\/www.stephaniecesaire.com\/wp-content\/uploads\/2023\/10\/favicon.png\",\"width\":512,\"height\":512,\"caption\":\"St\u00e9phanie C\u00e9saire\"},\"image\":{\"@id\":\"https:\/\/www.stephaniecesaire.com\/ja\/#\/schema\/logo\/image\/\"},\"sameAs\":[\"https:\/\/www.facebook.com\/cesaireparis\/\",\"https:\/\/www.pinterest.fr\/cesaireparis\/\",\"https:\/\/www.instagram.com\/cesaireparis.official\/\"]}]}<\/script>\n<!-- \/ Yoast SEO plugin. -->","yoast_head_json":{"title":"Sac Ic\u00f4nique Neosellier - C\u00e9saire Paris - Maroquinerie Fran\u00e7aise","description":"Des sacs cr\u00e9ateur mode et tendance fabriqu\u00e9s en France, cr\u00e9\u00e9s dans la plus pure tradition de la maroquinerie Fran\u00e7aise - sacs en cuir artisanal France - marque de sac Fran\u00e7ais \u2013 maroquinerie de luxe artisanale Fran\u00e7aise \u2013 100% made in France","robots":{"index":"index","follow":"follow","max-snippet":"max-snippet:-1","max-image-preview":"max-image-preview:large","max-video-preview":"max-video-preview:-1"},"canonical":"https:\/\/www.stephaniecesaire.com\/ja\/boutique\/%e3%83%90%e3%83%83%e3%82%b0\/%e3%83%8d%e3%82%aa%e3%83%bb%e3%82%bb%e3%83%aa%e3%82%a8\/neosellier-cuir-de-veau-sellier-tourterelle\/","og_locale":"ja_JP","og_type":"article","og_title":"Sac Ic\u00f4nique Neosellier - C\u00e9saire Paris - Maroquinerie Fran\u00e7aise","og_description":"Des sacs cr\u00e9ateur mode et tendance fabriqu\u00e9s en France, cr\u00e9\u00e9s dans la plus pure tradition de la maroquinerie Fran\u00e7aise - sacs en cuir artisanal France - marque de sac Fran\u00e7ais \u2013 maroquinerie de luxe artisanale Fran\u00e7aise \u2013 100% made in France","og_url":"https:\/\/www.stephaniecesaire.com\/ja\/boutique\/%e3%83%90%e3%83%83%e3%82%b0\/%e3%83%8d%e3%82%aa%e3%83%bb%e3%82%bb%e3%83%aa%e3%82%a8\/neosellier-cuir-de-veau-sellier-tourterelle\/","og_site_name":"C\u00e9saire","article_publisher":"https:\/\/www.facebook.com\/cesaireparis\/","article_modified_time":"2024-06-19T16:36:48+00:00","og_image":[{"width":630,"height":945,"url":"https:\/\/www.stephaniecesaire.com\/wp-content\/uploads\/2023\/09\/NEOSELLIERVPOTourterelleFace-jpg.webp","type":"image\/jpeg"}],"twitter_card":"summary_large_image","twitter_misc":{"\u63a8\u5b9a\u8aad\u307f\u53d6\u308a\u6642\u9593":"1\u5206"},"schema":{"@context":"https:\/\/schema.org","@graph":[{"@type":"WebPage","@id":"https:\/\/www.stephaniecesaire.com\/ja\/boutique\/%e3%83%90%e3%83%83%e3%82%b0\/%e3%83%8d%e3%82%aa%e3%83%bb%e3%82%bb%e3%83%aa%e3%82%a8\/neosellier-cuir-de-veau-sellier-tourterelle\/","url":"https:\/\/www.stephaniecesaire.com\/ja\/boutique\/%e3%83%90%e3%83%83%e3%82%b0\/%e3%83%8d%e3%82%aa%e3%83%bb%e3%82%bb%e3%83%aa%e3%82%a8\/neosellier-cuir-de-veau-sellier-tourterelle\/","name":"Sac Ic\u00f4nique Neosellier - C\u00e9saire Paris - Maroquinerie Fran\u00e7aise","isPartOf":{"@id":"https:\/\/www.stephaniecesaire.com\/ja\/#website"},"primaryImageOfPage":{"@id":"https:\/\/www.stephaniecesaire.com\/ja\/boutique\/%e3%83%90%e3%83%83%e3%82%b0\/%e3%83%8d%e3%82%aa%e3%83%bb%e3%82%bb%e3%83%aa%e3%82%a8\/neosellier-cuir-de-veau-sellier-tourterelle\/#primaryimage"},"image":{"@id":"https:\/\/www.stephaniecesaire.com\/ja\/boutique\/%e3%83%90%e3%83%83%e3%82%b0\/%e3%83%8d%e3%82%aa%e3%83%bb%e3%82%bb%e3%83%aa%e3%82%a8\/neosellier-cuir-de-veau-sellier-tourterelle\/#primaryimage"},"thumbnailUrl":"https:\/\/www.stephaniecesaire.com\/wp-content\/uploads\/2023\/09\/NEOSELLIERVPOTourterelleFace-jpg.webp","datePublished":"2019-09-09T15:38:42+00:00","dateModified":"2024-06-19T16:36:48+00:00","description":"Des sacs cr\u00e9ateur mode et tendance fabriqu\u00e9s en France, cr\u00e9\u00e9s dans la plus pure tradition de la maroquinerie Fran\u00e7aise - sacs en cuir artisanal France - marque de sac Fran\u00e7ais \u2013 maroquinerie de luxe artisanale Fran\u00e7aise \u2013 100% made in France","breadcrumb":{"@id":"https:\/\/www.stephaniecesaire.com\/ja\/boutique\/%e3%83%90%e3%83%83%e3%82%b0\/%e3%83%8d%e3%82%aa%e3%83%bb%e3%82%bb%e3%83%aa%e3%82%a8\/neosellier-cuir-de-veau-sellier-tourterelle\/#breadcrumb"},"inLanguage":"ja","potentialAction":[{"@type":"ReadAction","target":["https:\/\/www.stephaniecesaire.com\/ja\/boutique\/%e3%83%90%e3%83%83%e3%82%b0\/%e3%83%8d%e3%82%aa%e3%83%bb%e3%82%bb%e3%83%aa%e3%82%a8\/neosellier-cuir-de-veau-sellier-tourterelle\/"]}]},{"@type":"ImageObject","inLanguage":"ja","@id":"https:\/\/www.stephaniecesaire.com\/ja\/boutique\/%e3%83%90%e3%83%83%e3%82%b0\/%e3%83%8d%e3%82%aa%e3%83%bb%e3%82%bb%e3%83%aa%e3%82%a8\/neosellier-cuir-de-veau-sellier-tourterelle\/#primaryimage","url":"https:\/\/www.stephaniecesaire.com\/wp-content\/uploads\/2023\/09\/NEOSELLIERVPOTourterelleFace-jpg.webp","contentUrl":"https:\/\/www.stephaniecesaire.com\/wp-content\/uploads\/2023\/09\/NEOSELLIERVPOTourterelleFace-jpg.webp","width":630,"height":945},{"@type":"BreadcrumbList","@id":"https:\/\/www.stephaniecesaire.com\/ja\/boutique\/%e3%83%90%e3%83%83%e3%82%b0\/%e3%83%8d%e3%82%aa%e3%83%bb%e3%82%bb%e3%83%aa%e3%82%a8\/neosellier-cuir-de-veau-sellier-tourterelle\/#breadcrumb","itemListElement":[{"@type":"ListItem","position":1,"name":"Accueil","item":"https:\/\/www.stephaniecesaire.com\/ja\/"},{"@type":"ListItem","position":2,"name":"\u30b7\u30e7\u30c3\u30d7","item":"https:\/\/www.stephaniecesaire.com\/ja\/%e3%82%b7%e3%83%a7%e3%83%83%e3%83%97\/"},{"@type":"ListItem","position":3,"name":"\u30cd\u30aa\u30fb\u30bb\u30ea\u30a8\u30fb\u4e57\u7528\u99ac \u30ab\u30fc\u30d5\u30ec\u30b6\u30fc \u30c8\u30a5\u30eb\u30c8\u30ec\u30fc\u30eb"}]},{"@type":"WebSite","@id":"https:\/\/www.stephaniecesaire.com\/ja\/#website","url":"https:\/\/www.stephaniecesaire.com\/ja\/","name":"St\u00e9phanie C\u00e9saire","description":"Sac cr\u00e9ateur made in France - Maroquinerie de luxe","publisher":{"@id":"https:\/\/www.stephaniecesaire.com\/ja\/#organization"},"potentialAction":[{"@type":"SearchAction","target":{"@type":"EntryPoint","urlTemplate":"https:\/\/www.stephaniecesaire.com\/ja\/?s={search_term_string}"},"query-input":"required name=search_term_string"}],"inLanguage":"ja"},{"@type":"Organization","@id":"https:\/\/www.stephaniecesaire.com\/ja\/#organization","name":"St\u00e9phanie C\u00e9saire","url":"https:\/\/www.stephaniecesaire.com\/ja\/","logo":{"@type":"ImageObject","inLanguage":"ja","@id":"https:\/\/www.stephaniecesaire.com\/ja\/#\/schema\/logo\/image\/","url":"https:\/\/www.stephaniecesaire.com\/wp-content\/uploads\/2023\/10\/favicon.png","contentUrl":"https:\/\/www.stephaniecesaire.com\/wp-content\/uploads\/2023\/10\/favicon.png","width":512,"height":512,"caption":"St\u00e9phanie C\u00e9saire"},"image":{"@id":"https:\/\/www.stephaniecesaire.com\/ja\/#\/schema\/logo\/image\/"},"sameAs":["https:\/\/www.facebook.com\/cesaireparis\/","https:\/\/www.pinterest.fr\/cesaireparis\/","https:\/\/www.instagram.com\/cesaireparis.official\/"]}]}},"_links":{"self":[{"href":"https:\/\/www.stephaniecesaire.com\/ja\/wp-json\/wp\/v2\/product\/29844","targetHints":{"allow":["GET"]}}],"collection":[{"href":"https:\/\/www.stephaniecesaire.com\/ja\/wp-json\/wp\/v2\/product"}],"about":[{"href":"https:\/\/www.stephaniecesaire.com\/ja\/wp-json\/wp\/v2\/types\/product"}],"wp:featuredmedia":[{"embeddable":true,"href":"https:\/\/www.stephaniecesaire.com\/ja\/wp-json\/wp\/v2\/media\/20614"}],"wp:attachment":[{"href":"https:\/\/www.stephaniecesaire.com\/ja\/wp-json\/wp\/v2\/media?parent=29844"}],"wp:term":[{"taxonomy":"product_cat","embeddable":true,"href":"https:\/\/www.stephaniecesaire.com\/ja\/wp-json\/wp\/v2\/product_cat?post=29844"},{"taxonomy":"product_tag","embeddable":true,"href":"https:\/\/www.stephaniecesaire.com\/ja\/wp-json\/wp\/v2\/product_tag?post=29844"}],"curies":[{"name":"wp","href":"https:\/\/api.w.org\/{rel}","templated":true}]}}